{"id":8,"date":"2026-06-29T09:05:08","date_gmt":"2026-06-29T09:05:08","guid":{"rendered":"https:\/\/ftcommunication.fr\/?page_id=8"},"modified":"2026-07-01T13:21:20","modified_gmt":"2026-07-01T13:21:20","slug":"accueil","status":"publish","type":"page","link":"https:\/\/ftcommunication.fr\/","title":{"rendered":"Accueil"},"content":{"rendered":"\n<div class=\"wp-block-cover alignfull\" style=\"min-height:720px;aspect-ratio:unset;\"><span aria-hidden=\"true\" class=\"wp-block-cover__background has-ast-global-color-5-background-color has-background-dim-100 has-background-dim\"><\/span><div class=\"wp-block-cover__inner-container is-layout-constrained wp-block-cover-is-layout-constrained\">\n<div class=\"wp-block-group alignwide is-layout-flow wp-block-group-is-layout-flow\">\n<div class=\"wp-block-media-text alignwide has-media-on-the-right is-stacked-on-mobile is-vertically-aligned-center is-image-fill-element has-ast-global-color-5-background-color has-background\" style=\"grid-template-columns:auto 33%\"><div class=\"wp-block-media-text__content\">\n<p class=\"has-text-align-left has-ast-global-color-0-color has-text-color has-link-color has-x-large-font-size wp-elements-1 wp-block-paragraph\"><strong>Votre communication a besoin <\/strong><br><strong>d&#8217;un nouveau souffle ?<\/strong><\/p>\n\n\n\n<p class=\"has-ast-global-color-2-color has-text-color has-link-color wp-elements-2 wp-block-paragraph\" style=\"font-size:23px\"><strong>Fanny Tarantolo, consultante en communication <\/strong><strong>\u00e0 Toulouse<\/strong><\/p>\n\n\n\n<p class=\"has-ast-global-color-2-color has-text-color has-link-color wp-elements-3 wp-block-paragraph\">\u2022 Conseil communication \u2022 Supports de communication \u2022 \u00c9v\u00e9nementiel \u2022 Affichage  \u2022 Plan m\u00e9dia  \u2022 R\u00e9daction de contenus \u2022 Digital \u2022 R\u00e9f\u00e9rencement SEO &amp; Google Ads<\/p>\n\n\n\n<p class=\"has-ast-global-color-8-color has-text-color has-link-color wp-elements-4 wp-block-paragraph\">J&#8217;accompagne les entreprises dans la mise en place d&#8217;une communication durable et adapt\u00e9e \u00e0 leurs objectifs. <\/p>\n\n\n\n<div class=\"wp-block-buttons is-layout-flex wp-container-core-buttons-is-layout-7d8fb913 wp-block-buttons-is-layout-flex\">\n<div class=\"wp-block-button is-style-fill\"><a class=\"wp-block-button__link has-ast-global-color-5-color has-ast-global-color-1-background-color has-text-color has-background has-link-color has-text-align-center wp-element-button\" href=\"#\">Mes services<\/a><\/div>\n<\/div>\n<\/div><figure class=\"wp-block-media-text__media\"><img fetchpriority=\"high\" decoding=\"async\" width=\"1024\" height=\"576\" src=\"http:\/\/ftcommunication.fr\/wp-content\/uploads\/2026\/06\/vitaly-gariev-c-0PdVHa-Y-unsplash-scaled-e1782724572734-1024x576.jpg\" alt=\"\" class=\"wp-image-29 size-full\" style=\"object-position:32% 47%\" srcset=\"https:\/\/ftcommunication.fr\/wp-content\/uploads\/2026\/06\/vitaly-gariev-c-0PdVHa-Y-unsplash-scaled-e1782724572734-1024x576.jpg 1024w, https:\/\/ftcommunication.fr\/wp-content\/uploads\/2026\/06\/vitaly-gariev-c-0PdVHa-Y-unsplash-scaled-e1782724572734-300x169.jpg 300w, https:\/\/ftcommunication.fr\/wp-content\/uploads\/2026\/06\/vitaly-gariev-c-0PdVHa-Y-unsplash-scaled-e1782724572734-768x432.jpg 768w, https:\/\/ftcommunication.fr\/wp-content\/uploads\/2026\/06\/vitaly-gariev-c-0PdVHa-Y-unsplash-scaled-e1782724572734-1536x864.jpg 1536w, https:\/\/ftcommunication.fr\/wp-content\/uploads\/2026\/06\/vitaly-gariev-c-0PdVHa-Y-unsplash-scaled-e1782724572734-2048x1152.jpg 2048w\" sizes=\"(max-width: 1024px) 100vw, 1024px\" \/><\/figure><\/div>\n<\/div>\n<\/div><\/div>\n\n\n\n<hr class=\"wp-block-separator has-text-color has-ast-global-color-5-color has-alpha-channel-opacity has-ast-global-color-5-background-color has-background is-style-wide\"\/>\n\n\n\n<div class=\"wp-block-group alignfull has-ast-global-color-5-background-color has-background is-layout-constrained wp-container-core-group-is-layout-43229c7f wp-block-group-is-layout-constrained\" style=\"padding-bottom:0px\">\n<h2 class=\"wp-block-heading screen-reader-text\">What We Offer<\/h2>\n\n\n\n<div class=\"wp-block-columns are-vertically-aligned-top is-layout-flex wp-container-core-columns-is-layout-fa703c11 wp-block-columns-is-layout-flex\">\n<div class=\"wp-block-column is-vertically-aligned-top is-layout-flow wp-container-core-column-is-layout-cbc690f8 wp-block-column-is-layout-flow\">\n<figure class=\"wp-block-image aligncenter size-full is-resized wp-duotone-unset-1\"><img decoding=\"async\" width=\"512\" height=\"512\" src=\"https:\/\/ftcommunication.fr\/wp-content\/uploads\/2026\/06\/target-4.png\" alt=\"\" class=\"wp-image-83\" style=\"width:83px;height:auto\" srcset=\"https:\/\/ftcommunication.fr\/wp-content\/uploads\/2026\/06\/target-4.png 512w, https:\/\/ftcommunication.fr\/wp-content\/uploads\/2026\/06\/target-4-300x300.png 300w, https:\/\/ftcommunication.fr\/wp-content\/uploads\/2026\/06\/target-4-150x150.png 150w\" sizes=\"(max-width: 512px) 100vw, 512px\" \/><\/figure>\n\n\n\n<h3 class=\"wp-block-heading has-text-align-center has-ast-global-color-1-color has-text-color has-link-color wp-elements-5\" style=\"margin-top:16px\">Conseil<\/h3>\n\n\n\n<p class=\"has-text-align-center has-ast-global-color-8-color has-text-color has-link-color wp-elements-6 wp-block-paragraph\"><br>D\u00e9finition d&#8217;une strat\u00e9gie de communication pour coller \u00e0 votre vision sur le long terme<\/p>\n<\/div>\n\n\n\n<div class=\"wp-block-column is-vertically-aligned-top is-layout-flow wp-container-core-column-is-layout-cbc690f8 wp-block-column-is-layout-flow\">\n<figure class=\"wp-block-image aligncenter size-full is-resized\"><img decoding=\"async\" width=\"512\" height=\"512\" src=\"https:\/\/ftcommunication.fr\/wp-content\/uploads\/2026\/06\/monitor-3.png\" alt=\"\" class=\"wp-image-82\" style=\"width:83px;height:auto\" srcset=\"https:\/\/ftcommunication.fr\/wp-content\/uploads\/2026\/06\/monitor-3.png 512w, https:\/\/ftcommunication.fr\/wp-content\/uploads\/2026\/06\/monitor-3-300x300.png 300w, https:\/\/ftcommunication.fr\/wp-content\/uploads\/2026\/06\/monitor-3-150x150.png 150w\" sizes=\"(max-width: 512px) 100vw, 512px\" \/><\/figure>\n\n\n\n<h3 class=\"wp-block-heading has-text-align-center has-ast-global-color-1-color has-text-color has-link-color wp-elements-7\" style=\"margin-top:16px\">Digital<\/h3>\n\n\n\n<p class=\"has-text-align-center has-ast-global-color-8-color has-text-color has-link-color wp-elements-8 wp-block-paragraph\"><br>Cr\u00e9ation des leviers digitaux pour booster votre visibilit\u00e9 sur le web<\/p>\n<\/div>\n\n\n\n<div class=\"wp-block-column is-vertically-aligned-top is-layout-flow wp-container-core-column-is-layout-cbc690f8 wp-block-column-is-layout-flow\">\n<figure class=\"wp-block-image aligncenter size-full is-resized\"><img loading=\"lazy\" decoding=\"async\" width=\"512\" height=\"512\" src=\"https:\/\/ftcommunication.fr\/wp-content\/uploads\/2026\/06\/party-3.png\" alt=\"\" class=\"wp-image-81\" style=\"width:88px;height:auto\" srcset=\"https:\/\/ftcommunication.fr\/wp-content\/uploads\/2026\/06\/party-3.png 512w, https:\/\/ftcommunication.fr\/wp-content\/uploads\/2026\/06\/party-3-300x300.png 300w, https:\/\/ftcommunication.fr\/wp-content\/uploads\/2026\/06\/party-3-150x150.png 150w\" sizes=\"(max-width: 512px) 100vw, 512px\" \/><\/figure>\n\n\n\n<h3 class=\"wp-block-heading has-text-align-center has-ast-global-color-1-color has-text-color has-link-color wp-elements-9\" style=\"margin-top:16px\">\u00c9v\u00e9nementiel<\/h3>\n\n\n\n<p class=\"has-text-align-center has-ast-global-color-8-color has-text-color has-link-color wp-elements-10 wp-block-paragraph\"><br>Faire vivre vos \u00e9v\u00e9nements, conna\u00eetre votre offre et fid\u00e9liser votre client\u00e8le<\/p>\n<\/div>\n\n\n\n<div class=\"wp-block-column is-vertically-aligned-top is-layout-flow wp-container-core-column-is-layout-cbc690f8 wp-block-column-is-layout-flow\">\n<figure class=\"wp-block-image aligncenter size-full is-resized\"><img loading=\"lazy\" decoding=\"async\" width=\"512\" height=\"512\" src=\"https:\/\/ftcommunication.fr\/wp-content\/uploads\/2026\/06\/writing-4.png\" alt=\"\" class=\"wp-image-84\" style=\"width:86px;height:auto\" srcset=\"https:\/\/ftcommunication.fr\/wp-content\/uploads\/2026\/06\/writing-4.png 512w, https:\/\/ftcommunication.fr\/wp-content\/uploads\/2026\/06\/writing-4-300x300.png 300w, https:\/\/ftcommunication.fr\/wp-content\/uploads\/2026\/06\/writing-4-150x150.png 150w\" sizes=\"(max-width: 512px) 100vw, 512px\" \/><\/figure>\n\n\n\n<h3 class=\"wp-block-heading has-text-align-center has-ast-global-color-1-color has-text-color has-link-color wp-elements-11\" style=\"margin-top:16px\">R\u00e9daction<\/h3>\n\n\n\n<p class=\"has-text-align-center has-ast-global-color-8-color has-text-color has-link-color wp-elements-12 wp-block-paragraph\"><br>R\u00e9daction de contenus pour vos supports papier et digitaux<\/p>\n<\/div>\n<\/div>\n<\/div>\n\n\n\n<div class=\"wp-block-group alignfull has-ast-global-color-5-background-color has-background is-layout-constrained wp-container-core-group-is-layout-33933fb1 wp-block-group-is-layout-constrained\" id=\"about\" style=\"padding-top:143px;padding-bottom:144px\">\n<div class=\"wp-block-media-text has-media-on-the-right is-stacked-on-mobile is-vertically-aligned-center has-ast-global-color-5-background-color has-background\" style=\"border-style:none;border-width:0px;border-top-left-radius:0px;border-top-right-radius:0px;border-bottom-left-radius:0px;border-bottom-right-radius:0px;grid-template-columns:auto 28%\"><div class=\"wp-block-media-text__content\">\n<div class=\"wp-block-group is-layout-constrained wp-container-core-group-is-layout-03eff548 wp-block-group-is-layout-constrained\" style=\"padding-right:80px\">\n<h2 class=\"wp-block-heading has-ast-global-color-0-color has-text-color has-link-color wp-elements-13\" style=\"padding-right:40px\">Qui suis-je ? <\/h2>\n\n\n\n<p class=\"has-ast-global-color-1-color has-text-color has-link-color wp-elements-14 wp-block-paragraph\" style=\"font-size:22px\"><strong>Fanny Tarantolo, consultante en communication \u00e0 Toulouse<\/strong><\/p>\n\n\n\n<p class=\"has-black-color has-text-color has-link-color wp-elements-15 wp-block-paragraph\">Dipl\u00f4m\u00e9e d&#8217;un cursus communication et marketing digital \u00e0 l&#8217;ECS, <strong>je suis professionnelle de la communication depuis plus de 10 ans.<\/strong><\/p>\n\n\n\n<p class=\"has-black-color has-text-color has-link-color wp-elements-16 wp-block-paragraph\">J&#8217;ai travaill\u00e9 dans plusieurs entreprises : agence de communication, promoteur immobilier et g\u00e9nie climatique. <strong>Je m&#8217;adapte \u00e0 l&#8217;identit\u00e9 de la marque et aux clients<\/strong> depuis mes d\u00e9buts.<\/p>\n\n\n\n<p class=\"has-black-color has-text-color has-link-color wp-elements-17 wp-block-paragraph\">Je choisis aujourd&#8217;hui de travailler en tant qu&#8217;ind\u00e9pendante pour mettre mon expertise au service des TPE, PME et ind\u00e9pendants en recherche d&#8217;un partenaire soucieux de sa r\u00e9ussite.  <\/p>\n<\/div>\n<\/div><figure class=\"wp-block-media-text__media\"><img loading=\"lazy\" decoding=\"async\" width=\"683\" height=\"1024\" src=\"https:\/\/ftcommunication.fr\/wp-content\/uploads\/2026\/06\/0U6A5794-683x1024.jpg\" alt=\"\" class=\"wp-image-51 size-full\" srcset=\"https:\/\/ftcommunication.fr\/wp-content\/uploads\/2026\/06\/0U6A5794-683x1024.jpg 683w, https:\/\/ftcommunication.fr\/wp-content\/uploads\/2026\/06\/0U6A5794-200x300.jpg 200w, https:\/\/ftcommunication.fr\/wp-content\/uploads\/2026\/06\/0U6A5794-768x1152.jpg 768w, https:\/\/ftcommunication.fr\/wp-content\/uploads\/2026\/06\/0U6A5794-1024x1536.jpg 1024w, https:\/\/ftcommunication.fr\/wp-content\/uploads\/2026\/06\/0U6A5794-1365x2048.jpg 1365w, https:\/\/ftcommunication.fr\/wp-content\/uploads\/2026\/06\/0U6A5794-scaled.jpg 1707w\" sizes=\"(max-width: 683px) 100vw, 683px\" \/><\/figure><\/div>\n<\/div>\n\n\n\n<div class=\"wp-block-group alignfull has-ast-global-color-4-background-color has-background is-layout-constrained wp-container-core-group-is-layout-64045e40 wp-block-group-is-layout-constrained\" id=\"contact\" style=\"padding-top:104px;padding-bottom:104px\">\n<h3 class=\"wp-block-heading has-text-align-center has-ast-global-color-0-color has-text-color\" style=\"padding-top:0;padding-bottom:0;font-size:25px\">Besoin de plus d&#8217;informations ?<\/h3>\n\n\n\n<p class=\"has-text-align-center wp-block-paragraph\">Envie d&#8217;\u00e9changer sur un projet ?<\/p>\n\n\n\n<div class=\"wp-block-buttons alignwide is-horizontal is-content-justification-center is-layout-flex wp-container-core-buttons-is-layout-5efe3877 wp-block-buttons-is-layout-flex\" style=\"margin-top:50px\">\n<div class=\"wp-block-button is-style-fill\"><a class=\"wp-block-button__link has-ast-global-color-5-color has-ast-global-color-1-background-color has-text-color has-background has-link-color wp-element-button\" href=\"https:\/\/ftcommunication.fr\/contact\">Prenez rendez-vous<\/a><\/div>\n<\/div>\n\n\n\n<p class=\"has-text-align-right wp-block-paragraph\"><\/p>\n<\/div>\n\n\n\n<div class=\"wp-block-columns is-layout-flex wp-container-core-columns-is-layout-7387b849 wp-block-columns-is-layout-flex\">\n<div class=\"wp-block-column is-layout-flow wp-block-column-is-layout-flow\" style=\"flex-basis:25%\"><div class=\"is-default-size wp-block-site-logo\"><a href=\"https:\/\/ftcommunication.fr\/\" class=\"custom-logo-link\" rel=\"home\"><img loading=\"lazy\" decoding=\"async\" width=\"500\" height=\"307\" src=\"https:\/\/ftcommunication.fr\/wp-content\/uploads\/2026\/06\/cropped-Fanny-2.jpg\" class=\"custom-logo\" alt=\"Logo FT COMMUNICATION\" srcset=\"https:\/\/ftcommunication.fr\/wp-content\/uploads\/2026\/06\/cropped-Fanny-2.jpg 500w, https:\/\/ftcommunication.fr\/wp-content\/uploads\/2026\/06\/cropped-Fanny-2-300x184.jpg 300w, https:\/\/ftcommunication.fr\/wp-content\/uploads\/2026\/06\/cropped-Fanny-2-133x82.jpg 133w\" sizes=\"(max-width: 500px) 100vw, 500px\" \/><\/a><\/div><\/div>\n\n\n\n<div class=\"wp-block-column is-layout-flow wp-block-column-is-layout-flow\" style=\"flex-basis:50%\">\n<p class=\"wp-block-paragraph\"><strong>Fanny TARANTOLO,\u00a0<\/strong><br><strong>Freelance en communication<\/strong><br>Bas\u00e9e \u00e0 Toulouse, je vous accompagne <br>dans la construction d\u2019une communication <br>p\u00e9renne et adapt\u00e9e \u00e0 votre activit\u00e9.<\/p>\n<\/div>\n\n\n\n<div class=\"wp-block-column is-layout-flow wp-block-column-is-layout-flow\" style=\"flex-basis:25%\">\n<p class=\"has-text-align-right wp-block-paragraph\"><br><br>Toulouse, Haute-Garonne<br><a href=\"tel:0647015336\">06 47 01 53 36<\/a><br><a href=\"mailto:contact@ftcommunication.fr\">contact@ftcommunication.fr<\/a><\/p>\n<\/div>\n<\/div>\n","protected":false},"excerpt":{"rendered":"<p>What We Offer Conseil D\u00e9finition d&#8217;une strat\u00e9gie de communication pour coller \u00e0 votre vision sur le long terme Digital Cr\u00e9ation des leviers digitaux pour booster votre visibilit\u00e9 sur le web \u00c9v\u00e9nementiel Faire vivre vos \u00e9v\u00e9nements, conna\u00eetre votre offre et fid\u00e9liser votre client\u00e8le R\u00e9daction R\u00e9daction de contenus pour vos supports papier et digitaux Qui suis-je ? [&hellip;]<\/p>\n","protected":false},"author":1,"featured_media":0,"parent":0,"menu_order":0,"comment_status":"closed","ping_status":"closed","template":"","meta":{"footnotes":""},"class_list":["post-8","page","type-page","status-publish","hentry"],"yoast_head":"<!-- This site is optimized with the Yoast SEO plugin v27.9 - https:\/\/yoast.com\/product\/yoast-seo-wordpress\/ -->\n<title>Accueil - FT COMMUNICATION<\/title>\n<meta name=\"robots\" content=\"index, follow, max-snippet:-1, max-image-preview:large, max-video-preview:-1\" \/>\n<link rel=\"canonical\" href=\"https:\/\/ftcommunication.fr\/\" \/>\n<meta property=\"og:locale\" content=\"en_US\" \/>\n<meta property=\"og:type\" content=\"article\" \/>\n<meta property=\"og:title\" content=\"Accueil - FT COMMUNICATION\" \/>\n<meta property=\"og:description\" content=\"What We Offer Conseil D\u00e9finition d&#8217;une strat\u00e9gie de communication pour coller \u00e0 votre vision sur le long terme Digital Cr\u00e9ation des leviers digitaux pour booster votre visibilit\u00e9 sur le web \u00c9v\u00e9nementiel Faire vivre vos \u00e9v\u00e9nements, conna\u00eetre votre offre et fid\u00e9liser votre client\u00e8le R\u00e9daction R\u00e9daction de contenus pour vos supports papier et digitaux Qui suis-je ? [&hellip;]\" \/>\n<meta property=\"og:url\" content=\"https:\/\/ftcommunication.fr\/\" \/>\n<meta property=\"og:site_name\" content=\"FT COMMUNICATION\" \/>\n<meta property=\"article:modified_time\" content=\"2026-07-01T13:21:20+00:00\" \/>\n<meta property=\"og:image\" content=\"http:\/\/ftcommunication.fr\/wp-content\/uploads\/2026\/06\/vitaly-gariev-c-0PdVHa-Y-unsplash-scaled-e1782724572734-1024x576.jpg\" \/>\n<meta name=\"twitter:card\" content=\"summary_large_image\" \/>\n<meta name=\"twitter:label1\" content=\"Est. reading time\" \/>\n\t<meta name=\"twitter:data1\" content=\"1 minute\" \/>\n<script type=\"application\/ld+json\" class=\"yoast-schema-graph\">{\"@context\":\"https:\\\/\\\/schema.org\",\"@graph\":[{\"@type\":\"WebPage\",\"@id\":\"https:\\\/\\\/ftcommunication.fr\\\/\",\"url\":\"https:\\\/\\\/ftcommunication.fr\\\/\",\"name\":\"Accueil - FT COMMUNICATION\",\"isPartOf\":{\"@id\":\"https:\\\/\\\/ftcommunication.fr\\\/#website\"},\"primaryImageOfPage\":{\"@id\":\"https:\\\/\\\/ftcommunication.fr\\\/#primaryimage\"},\"image\":{\"@id\":\"https:\\\/\\\/ftcommunication.fr\\\/#primaryimage\"},\"thumbnailUrl\":\"http:\\\/\\\/ftcommunication.fr\\\/wp-content\\\/uploads\\\/2026\\\/06\\\/vitaly-gariev-c-0PdVHa-Y-unsplash-scaled-e1782724572734-1024x576.jpg\",\"datePublished\":\"2026-06-29T09:05:08+00:00\",\"dateModified\":\"2026-07-01T13:21:20+00:00\",\"breadcrumb\":{\"@id\":\"https:\\\/\\\/ftcommunication.fr\\\/#breadcrumb\"},\"inLanguage\":\"en-US\",\"potentialAction\":[{\"@type\":\"ReadAction\",\"target\":[\"https:\\\/\\\/ftcommunication.fr\\\/\"]}]},{\"@type\":\"ImageObject\",\"inLanguage\":\"en-US\",\"@id\":\"https:\\\/\\\/ftcommunication.fr\\\/#primaryimage\",\"url\":\"https:\\\/\\\/ftcommunication.fr\\\/wp-content\\\/uploads\\\/2026\\\/06\\\/vitaly-gariev-c-0PdVHa-Y-unsplash-scaled-e1782724572734.jpg\",\"contentUrl\":\"https:\\\/\\\/ftcommunication.fr\\\/wp-content\\\/uploads\\\/2026\\\/06\\\/vitaly-gariev-c-0PdVHa-Y-unsplash-scaled-e1782724572734.jpg\",\"width\":2560,\"height\":1440},{\"@type\":\"BreadcrumbList\",\"@id\":\"https:\\\/\\\/ftcommunication.fr\\\/#breadcrumb\",\"itemListElement\":[{\"@type\":\"ListItem\",\"position\":1,\"name\":\"Accueil\",\"item\":\"https:\\\/\\\/ftcommunication.fr\\\/\"},{\"@type\":\"ListItem\",\"position\":2,\"name\":\"Accueil\"}]},{\"@type\":\"WebSite\",\"@id\":\"https:\\\/\\\/ftcommunication.fr\\\/#website\",\"url\":\"https:\\\/\\\/ftcommunication.fr\\\/\",\"name\":\"FT COMMUNICATION\",\"description\":\"\",\"publisher\":{\"@id\":\"https:\\\/\\\/ftcommunication.fr\\\/#organization\"},\"potentialAction\":[{\"@type\":\"SearchAction\",\"target\":{\"@type\":\"EntryPoint\",\"urlTemplate\":\"https:\\\/\\\/ftcommunication.fr\\\/?s={search_term_string}\"},\"query-input\":{\"@type\":\"PropertyValueSpecification\",\"valueRequired\":true,\"valueName\":\"search_term_string\"}}],\"inLanguage\":\"en-US\"},{\"@type\":\"Organization\",\"@id\":\"https:\\\/\\\/ftcommunication.fr\\\/#organization\",\"name\":\"FT COMMUNICATION\",\"url\":\"https:\\\/\\\/ftcommunication.fr\\\/\",\"logo\":{\"@type\":\"ImageObject\",\"inLanguage\":\"en-US\",\"@id\":\"https:\\\/\\\/ftcommunication.fr\\\/#\\\/schema\\\/logo\\\/image\\\/\",\"url\":\"https:\\\/\\\/ftcommunication.fr\\\/wp-content\\\/uploads\\\/2026\\\/06\\\/cropped-Fanny-2.jpg\",\"contentUrl\":\"https:\\\/\\\/ftcommunication.fr\\\/wp-content\\\/uploads\\\/2026\\\/06\\\/cropped-Fanny-2.jpg\",\"width\":500,\"height\":307,\"caption\":\"FT COMMUNICATION\"},\"image\":{\"@id\":\"https:\\\/\\\/ftcommunication.fr\\\/#\\\/schema\\\/logo\\\/image\\\/\"}}]}<\/script>\n<!-- \/ Yoast SEO plugin. -->","yoast_head_json":{"title":"Accueil - FT COMMUNICATION","robots":{"index":"index","follow":"follow","max-snippet":"max-snippet:-1","max-image-preview":"max-image-preview:large","max-video-preview":"max-video-preview:-1"},"canonical":"https:\/\/ftcommunication.fr\/","og_locale":"en_US","og_type":"article","og_title":"Accueil - FT COMMUNICATION","og_description":"What We Offer Conseil D\u00e9finition d&#8217;une strat\u00e9gie de communication pour coller \u00e0 votre vision sur le long terme Digital Cr\u00e9ation des leviers digitaux pour booster votre visibilit\u00e9 sur le web \u00c9v\u00e9nementiel Faire vivre vos \u00e9v\u00e9nements, conna\u00eetre votre offre et fid\u00e9liser votre client\u00e8le R\u00e9daction R\u00e9daction de contenus pour vos supports papier et digitaux Qui suis-je ? [&hellip;]","og_url":"https:\/\/ftcommunication.fr\/","og_site_name":"FT COMMUNICATION","article_modified_time":"2026-07-01T13:21:20+00:00","og_image":[{"url":"http:\/\/ftcommunication.fr\/wp-content\/uploads\/2026\/06\/vitaly-gariev-c-0PdVHa-Y-unsplash-scaled-e1782724572734-1024x576.jpg","type":"","width":"","height":""}],"twitter_card":"summary_large_image","twitter_misc":{"Est. reading time":"1 minute"},"schema":{"@context":"https:\/\/schema.org","@graph":[{"@type":"WebPage","@id":"https:\/\/ftcommunication.fr\/","url":"https:\/\/ftcommunication.fr\/","name":"Accueil - FT COMMUNICATION","isPartOf":{"@id":"https:\/\/ftcommunication.fr\/#website"},"primaryImageOfPage":{"@id":"https:\/\/ftcommunication.fr\/#primaryimage"},"image":{"@id":"https:\/\/ftcommunication.fr\/#primaryimage"},"thumbnailUrl":"http:\/\/ftcommunication.fr\/wp-content\/uploads\/2026\/06\/vitaly-gariev-c-0PdVHa-Y-unsplash-scaled-e1782724572734-1024x576.jpg","datePublished":"2026-06-29T09:05:08+00:00","dateModified":"2026-07-01T13:21:20+00:00","breadcrumb":{"@id":"https:\/\/ftcommunication.fr\/#breadcrumb"},"inLanguage":"en-US","potentialAction":[{"@type":"ReadAction","target":["https:\/\/ftcommunication.fr\/"]}]},{"@type":"ImageObject","inLanguage":"en-US","@id":"https:\/\/ftcommunication.fr\/#primaryimage","url":"https:\/\/ftcommunication.fr\/wp-content\/uploads\/2026\/06\/vitaly-gariev-c-0PdVHa-Y-unsplash-scaled-e1782724572734.jpg","contentUrl":"https:\/\/ftcommunication.fr\/wp-content\/uploads\/2026\/06\/vitaly-gariev-c-0PdVHa-Y-unsplash-scaled-e1782724572734.jpg","width":2560,"height":1440},{"@type":"BreadcrumbList","@id":"https:\/\/ftcommunication.fr\/#breadcrumb","itemListElement":[{"@type":"ListItem","position":1,"name":"Accueil","item":"https:\/\/ftcommunication.fr\/"},{"@type":"ListItem","position":2,"name":"Accueil"}]},{"@type":"WebSite","@id":"https:\/\/ftcommunication.fr\/#website","url":"https:\/\/ftcommunication.fr\/","name":"FT COMMUNICATION","description":"","publisher":{"@id":"https:\/\/ftcommunication.fr\/#organization"},"potentialAction":[{"@type":"SearchAction","target":{"@type":"EntryPoint","urlTemplate":"https:\/\/ftcommunication.fr\/?s={search_term_string}"},"query-input":{"@type":"PropertyValueSpecification","valueRequired":true,"valueName":"search_term_string"}}],"inLanguage":"en-US"},{"@type":"Organization","@id":"https:\/\/ftcommunication.fr\/#organization","name":"FT COMMUNICATION","url":"https:\/\/ftcommunication.fr\/","logo":{"@type":"ImageObject","inLanguage":"en-US","@id":"https:\/\/ftcommunication.fr\/#\/schema\/logo\/image\/","url":"https:\/\/ftcommunication.fr\/wp-content\/uploads\/2026\/06\/cropped-Fanny-2.jpg","contentUrl":"https:\/\/ftcommunication.fr\/wp-content\/uploads\/2026\/06\/cropped-Fanny-2.jpg","width":500,"height":307,"caption":"FT COMMUNICATION"},"image":{"@id":"https:\/\/ftcommunication.fr\/#\/schema\/logo\/image\/"}}]}},"_links":{"self":[{"href":"https:\/\/ftcommunication.fr\/index.php\/wp-json\/wp\/v2\/pages\/8","targetHints":{"allow":["GET"]}}],"collection":[{"href":"https:\/\/ftcommunication.fr\/index.php\/wp-json\/wp\/v2\/pages"}],"about":[{"href":"https:\/\/ftcommunication.fr\/index.php\/wp-json\/wp\/v2\/types\/page"}],"author":[{"embeddable":true,"href":"https:\/\/ftcommunication.fr\/index.php\/wp-json\/wp\/v2\/users\/1"}],"replies":[{"embeddable":true,"href":"https:\/\/ftcommunication.fr\/index.php\/wp-json\/wp\/v2\/comments?post=8"}],"version-history":[{"count":18,"href":"https:\/\/ftcommunication.fr\/index.php\/wp-json\/wp\/v2\/pages\/8\/revisions"}],"predecessor-version":[{"id":92,"href":"https:\/\/ftcommunication.fr\/index.php\/wp-json\/wp\/v2\/pages\/8\/revisions\/92"}],"wp:attachment":[{"href":"https:\/\/ftcommunication.fr\/index.php\/wp-json\/wp\/v2\/media?parent=8"}],"curies":[{"name":"wp","href":"https:\/\/api.w.org\/{rel}","templated":true}]}}